{"id":13396,"date":"2014-03-24T10:54:51","date_gmt":"2014-03-24T10:54:51","guid":{"rendered":"http:\/\/demo.qodeinteractive.com\/bridge\/?page_id=13396"},"modified":"2026-03-11T13:08:23","modified_gmt":"2026-03-11T13:08:23","slug":"about-us","status":"publish","type":"page","link":"https:\/\/www.krokodil.rs\/eng\/about-us\/","title":{"rendered":"About Us"},"content":{"rendered":"<p>\u00a0<\/p>\n<h1 style=\"text-align: center;\"><span style=\"color: #ff7000;\">K.R.O.K.O.D.I.L.<\/span><\/h1>\n<p>\u00a0<\/p>\n<p style=\"text-align: center;\">is an acronym that stands for:<br \/>Literary Regional Gathering That Alleviates Boredom And Lethargy.<\/p>\n<p>\u00a0<\/p>\n<p style=\"text-align: center;\">Ever since its foundation in 2009, Association KROKODIL has organized the annual KROKODIL Literary Festival, held in Belgrade, Serbia. The festival, which was primarily conceived as a regional affair dedicated to the promotion of dialogue, reconciliation and reconstruction of broken links particularly in the region of the Western Balkans, soon became more and more international and has grown into one of the most distinctive and popular events in the region of South-East Europe exploring the most important cultural, political and social topics of the day.\u00a0<\/p>\n<p>\u00a0<\/p>\n<p style=\"text-align: center;\"><span style=\"font-weight: 400;\">The KROKODIL Association is among the very few independent, non-partisan civil society organisations in Serbia that deal with culture and literature but also actively advocate for the principles of responsible behaviour by the state institutions, NGO sector and media in Serbia. Committed to developing democratic culture, civic activism and educating citizens on their political rights, KROKODIL, as a think-and-do tank, is dedicated to establishing the rule of law and, bearing in mind both <\/span><span style=\"font-weight: 400;\">Serbia&#8217;s specific geopolitical position today and the importance of European security as a whole, thereby strengthening Serbia&#8217;s movement towards the EU.<\/span><span style=\"font-weight: 400;\"> To this end, KROKODIL is focused on the development of various programs of social and political significance promoting basic human rights and freedoms while strongly focusing on civic engagement.<\/span><\/p>\n<p style=\"text-align: center;\"><span style=\"font-weight: 400;\"> <br \/><\/span><span style=\"font-weight: 400;\">The KROKODIL Association is equally dedicated to the production of literary, cultural and socio-political programs and projects with the aim of developing audiences among those that are interested in culture and politics as such. It is particularly engaged in promoting a culture of dialogue and reconciliation and the reconstruction of broken links, particularly in the region of the Western Balkans\/Southeast Europe, as well as in deepening mutual understanding and acceptance of differences within the wider European and global context.\u00a0<\/span><\/p>\n<p>\u00a0<\/p>\n<h4 style=\"text-align: center;\"><strong><span style=\"color: #ff6600;\">KROKODIL REACTS TO THE RUSSIAN AGGRESSION AGAINST UKRAINE<\/span><\/strong><\/h4>\n<p>\u00a0<\/p>\n<p><span style=\"font-weight: 400;\">The KROKODIL Association is among the very few independent, non-partisan civil society organisations in Serbia that actively advocate for the principles of <\/span><b>responsible behaviour<\/b><span style=\"font-weight: 400;\"> by government and state institutions as well as by the NGO sector and media regarding <\/span><b>Russian propaganda<\/b><span style=\"font-weight: 400;\"> and other <\/span><b>soft power mechanisms<\/b><span style=\"font-weight: 400;\">. Committed to developing democratic culture and civic activism and educating citizens on their political rights, KROKODIL, as a think-and-do tank, is dedicated to establishing the rule of law and, bearing in mind both <\/span><span style=\"font-weight: 400;\">Serbia&#8217;s specific geopolitical position today and the importance of European security as a whole, thereby strengthening Serbia&#8217;s movement towards the EU.<\/span><\/p>\n<p>\u00a0<\/p>\n<p><span style=\"font-weight: 400;\">Furthermore, KROKODIL is still the only CSO in Serbia that is actively focused on <\/span><b>helping the citizens of Ukraine<\/b><span style=\"font-weight: 400;\">. Following previous activities of collecting and <\/span><b>personally delivering humanitarian aid<\/b><span style=\"font-weight: 400;\"> for the Municipal Perinatal Center in Kharkiv in 2022 as well as for the <\/span><span style=\"font-weight: 400;\">Center for Social Work of the Lozova Raion<\/span><span style=\"font-weight: 400;\"> in the town of Blyzniuky in 2023, KROKODIL\u2019s delegation will once again head to Ukraine in mid-February 2024 in order to personally deliver aid to civilians caught in the middle of military operations in the city of Kherson. This will once again be followed by a series of field stories, a travelogue published under the title \u201c12-to-8.\u201d\u00a0<br \/><\/span><\/p>\n<p>\u00a0<\/p>\n<p><span style=\"font-weight: 400;\">The first <\/span><b>Ukrainian library<\/b><span style=\"font-weight: 400;\"> in Serbia was opened in KROKODIL Center as a result of KROKODIL\u2019s advocacy initiative addressed to local independent publishers to donate and support the development of this important collection of 400 titles for adults and another 150 titles for kids and young adults.\u00a0<br \/><\/span><\/p>\n<p>\u00a0<\/p>\n<p><span style=\"font-weight: 400;\">Finally,<\/span><b> a series of events marking the first year of aggression<\/b><span style=\"font-weight: 400;\"> were organised by KROKODIL in cooperation with its partners from the International diplomatic corps in Belgrade.\u00a0<br \/><\/span><\/p>\n<p>\u00a0<\/p>\n<p><span style=\"font-weight: 400;\">In addition to all this, some of the other ongoing programs concerning Ukraine are: research\/analysis with recommendations for the Serbian CSOs engagement related to the Russian aggression against Ukraine; providing shelter, space for work, and support to Ukrainian literary creators; organising creative workshops for children from Ukraine; and various debates, press conferences, networking events, online campaigns and panel discussions.\u00a0<br \/><\/span><\/p>\n<p>\u00a0<\/p>\n<p><span style=\"font-weight: 400;\">KROKODIL received an<\/span><b> award<\/b><span style=\"font-weight: 400;\"> from the Serbian Philanthropy Forum for its exceptional contribution to helping the people of Ukraine. KROKODIL was also granted the \u201cHrabri glas\u201d (Courageous Voice) award by the biggest CSO in Serbia \u2013 CRTA, for its boldness in supporting the citizens of this war-torn country. Additionally, the Ministry of Foreign Affairs of Ukraine has awarded KROKODIL the &#8220;Amber Heart,&#8221; a recognition granted to individuals for exceptional contribution, support, and promotion of Ukrainian culture, history, and the fight for freedom.<br \/><\/span><\/p>\n<p>\u00a0<\/p>\n<p><span style=\"font-weight: 400;\">All these activities have been followed by the <b>series of continuous physical and online attacks as well as life threats<\/b> on KROKODIL premises and its personnel. Even though these events were reported fully to the police and other relevant institutions, due to the lack of political will, there never was any follow-up. <\/span><\/p>\n<p>\u00a0<\/p>\n<h4 style=\"text-align: center;\"><span style=\"color: #ff7000;\"><b>FESTIVAL KROKODIL<\/b><\/span><\/h4>\n<p>\u00a0<\/p>\n<p><span style=\"font-weight: 400;\">Ever since its foundation in 2009, KROKODIL has organised the annual KROKODIL Literary Festival. The festival, which was primarily conceived as a regional affair <\/span><span style=\"font-weight: 400;\">dedicated to the promotion of dialogue, reconciliation and reconstruction of broken links, particularly in the overlapping regions of the Western Balkans and Southeast Europe<\/span><span style=\"font-weight: 400;\">, soon became more and more international and has grown into one of the most distinctive and popular events in the region, exploring the most important cultural, political and social topics of the day.\u00a0<\/span><\/p>\n<p><span style=\"font-weight: 400;\">\u00a0<\/span><\/p>\n<p><span style=\"font-weight: 400;\">Combining different formats such as readings, sofa interviews, panel discussions, workshops, press conferences, film and other audio-visual content, KROKODIL has presented, throughout its 15 annual \u201ceditions,\u201d hundreds of distinguished writers, artists and public figures from numerous countries.\u00a0<\/span><\/p>\n<p><span style=\"font-weight: 400;\">\u00a0<\/span><\/p>\n<p><span style=\"font-weight: 400;\">Among them are: <\/span><b>Bernhard Schlink, Irvine Welsh, Hanif Kureishi, Margaret Atwood, L\u00e1szl\u00f3 Krasznahorkai, Georgi Gospodinov, Dubravka Ugre\u0161i\u0107, Aleksandar Hemon, Mira Furlan, Boris Buden, Ivan Krastev<\/b><span style=\"font-weight: 400;\"> etc.\u00a0<\/span><\/p>\n<p><span style=\"font-weight: 400;\">\u00a0<\/span><\/p>\n<p><span style=\"font-weight: 400;\">The Festival boasts a large, very loyal, and engaged audience.<\/span><\/p>\n<ul>\n<li style=\"font-weight: 400;\" aria-level=\"1\"><span style=\"font-weight: 400;\"><span style=\"color: #ff6600;\">65.000+<\/span> visitors\u00a0<\/span><\/li>\n<li style=\"font-weight: 400;\" aria-level=\"1\"><span style=\"font-weight: 400;\"><span style=\"color: #ff6600;\">2500+<\/span> participants<\/span><\/li>\n<li style=\"font-weight: 400;\" aria-level=\"1\"><span style=\"font-weight: 400;\"><span style=\"color: #ff6600;\">115+<\/span> programs\u00a0<\/span><\/li>\n<li style=\"font-weight: 400;\" aria-level=\"1\"><span style=\"font-weight: 400;\"><span style=\"color: #ff6600;\">25+<\/span> in other European cities<\/span><\/li>\n<li style=\"font-weight: 400;\" aria-level=\"1\"><span style=\"font-weight: 400;\"><span style=\"color: #ff6600;\">350.000+<\/span> annual reach via traditional media in the region of SEE with the<\/span><\/li>\n<li style=\"font-weight: 400;\" aria-level=\"1\"><span style=\"font-weight: 400;\"><span style=\"color: #ff6600;\">500.000+<\/span> euro media value.<\/span><\/li>\n<\/ul>\n<h4>\u00a0<\/h4>\n<h4 style=\"text-align: center;\"><strong><span style=\"color: #ff6600;\">STRENGTHENING LOCAL INITIATIVE AND CSOs PROGRAM, NETWORKING AND ADVOCACY<\/span><\/strong><\/h4>\n<p>\u00a0<\/p>\n<p><span style=\"font-weight: 400;\">As a member of the informal network of feminist and women\u2019s groups and independent activists, KROKODIL and its \u201csisters-in-arms\u201d traditionally mark the International Women\u2019s Day by organising <\/span><b>March for Women\u2019s Labor Rights and Living Wages<\/b><span style=\"font-weight: 400;\">. KROKODIL continues the struggle and uses this historically and politically important date to point out economic and existential difficulties most women face today.<\/span><\/p>\n<p>\u00a0<\/p>\n<p><span style=\"font-weight: 400;\">KROKODIL also belongs to the network of associations of citizens, journalists and media against violence that supports the civil demands of the <\/span><b>Serbia Against Violence protest<\/b><span style=\"font-weight: 400;\">.\u00a0<\/span><\/p>\n<p>\u00a0<\/p>\n<p><span style=\"font-weight: 400;\">The protests were motivated and initiated by the horrific massacre in the Vladislav Ribnikar primary school when, in the early morning of 3 May 2023, a thirteen-year-old boy took the lives of nine of his peers and a school guard. This event was the first mass murder of this type in the history of Serbia, and it can be said that it is only the tip of the iceberg of prevailing violence, aggression and hatred that for decades has been permeating every pore of our society, influencing public awareness, education, mass and popular culture.\u00a0<\/span><\/p>\n<p>\u00a0<\/p>\n<p><span style=\"font-weight: 400;\">In the ongoing struggle to improve conditions for<\/span><b> fair and free elections <\/b><span style=\"font-weight: 400;\">as well as higher voter turnout, KROKODIL, together with other CSOs, participated and campaigned in several civic initiatives such as <\/span><b>DOKLE VI\u0160E!?<\/b><span style=\"font-weight: 400;\"> (HOW MUCH LONGER!?)<\/span><\/p>\n<p>\u00a0<\/p>\n<p><strong>\/ SPACES OF RESILIENCE<\/strong><\/p>\n<p><span style=\"font-weight: 400;\">By providing physical space for activities, a series of educational programs and mentoring sessions, KROKODIL aims to strengthen and develop the capacities of local civil society organisations, citizen associations, initiatives &amp; groups, activists, and individuals to empower them to fulfil their goals and missions, to raise and improve the visibility of their activities in the promotion and development of democratic values, civic rights, minority and children\u2019s rights, a healthier environment, multiculturalism, and cultural dialogue.<\/span><\/p>\n<ul>\n<li style=\"font-weight: 400;\" aria-level=\"1\"><span style=\"font-weight: 400;\">50+ organisations supported<\/span><\/li>\n<li style=\"font-weight: 400;\" aria-level=\"1\"><span style=\"font-weight: 400;\">1 sub-grant scheme<\/span><\/li>\n<li style=\"font-weight: 400;\" aria-level=\"1\"><span style=\"font-weight: 400;\">15+ training sessions and seminars<\/span><\/li>\n<li style=\"font-weight: 400;\" aria-level=\"1\"><span style=\"font-weight: 400;\">10+ podcast episodes<\/span><\/li>\n<li style=\"font-weight: 400;\" aria-level=\"1\"><span style=\"font-weight: 400;\">30+ online campaigns<\/span><\/li>\n<li style=\"font-weight: 400;\" aria-level=\"1\"><span style=\"font-weight: 400;\">15 public events<\/span><\/li>\n<\/ul>\n<p><strong>\/ BETTER TOGETHER\u00a0<\/strong><\/p>\n<p><span style=\"font-weight: 400;\">The COVID-19 pandemic presented a unique challenge for democracies, and thus for the work of civil society organisations. The project \u201cBetter Together\u2013Strengthening Dialogue and Cooperation in the Times of Crises\u201d offered a platform for discussing and sharing the lessons learned about policy and public health emergency responses, the role of the government, and the effect on cultural and creative industries facing the continued challenges posed by the coronavirus.\u00a0<\/span><\/p>\n<ul>\n<li style=\"font-weight: 400;\" aria-level=\"1\"><span style=\"font-weight: 400;\">85+ organisations from 9 regional countries involved\u00a0<\/span><\/li>\n<li style=\"font-weight: 400;\" aria-level=\"1\"><span style=\"font-weight: 400;\">1 high-profile research with analysis developed<\/span><\/li>\n<li style=\"font-weight: 400;\" aria-level=\"1\"><span style=\"font-weight: 400;\">3 official institutions addressed\u00a0\u00a0<\/span><\/li>\n<li style=\"font-weight: 400;\" aria-level=\"1\"><span style=\"font-weight: 400;\">3 online campaigns<\/span><\/li>\n<li style=\"font-weight: 400;\" aria-level=\"1\"><span style=\"font-weight: 400;\">4 public events<\/span><\/li>\n<\/ul>\n<h4 style=\"text-align: center;\"><span style=\"color: #ff7000;\"><strong>WRITER IN RESIDENCE \/ WRITER IN EXILE <\/strong><\/span><\/h4>\n<p>\u00a0<\/p>\n<p><span style=\"font-weight: 400;\">KROKODIL\u2019s Writer-in-residence program was launched in 2012 as the first residential program in Serbia intended exclusively for writers, translators and other literary creators.\u00a0<\/span><\/p>\n<p>\u00a0<\/p>\n<p><span style=\"font-weight: 400;\">In 2022 the decision was reached to freeze all usual activities of this ongoing program and to offer this space to literary creators and cultural workers from Ukraine as a safe haven for work for creative individuals in jeopardy from that war-torn country.<\/span><\/p>\n<p>\u00a0<\/p>\n<ul>\n<li style=\"font-weight: 400;\" aria-level=\"1\"><span style=\"font-weight: 400;\"><span style=\"color: #ff6600;\">131<\/span> authors, translators, historians and other literary creators from\u00a0<\/span><\/li>\n<\/ul>\n<p><span style=\"font-weight: 400;\"><span style=\"color: #ff6600;\">23<\/span> European countries<\/span><\/p>\n<ul>\n<li style=\"font-weight: 400;\" aria-level=\"1\"><span style=\"font-weight: 400;\"><span style=\"color: #ff6600;\">13<\/span> local translations and published works<\/span><\/li>\n<li style=\"font-weight: 400;\" aria-level=\"1\"><span style=\"font-weight: 400;\"><span style=\"color: #ff6600;\">420<\/span> public events in<\/span><\/li>\n<\/ul>\n<p><span style=\"font-weight: 400;\"><span style=\"color: #ff6600;\">6<\/span> cities<\/span><\/p>\n<ul>\n<li style=\"font-weight: 400;\" aria-level=\"1\"><span style=\"font-weight: 400;\"><span style=\"color: #ff6600;\">200+<\/span> online campaigns<\/span><\/li>\n<li style=\"font-weight: 400;\" aria-level=\"1\"><span style=\"font-weight: 400;\"><span style=\"color: #ff6600;\">250+<\/span> traditional media announcements<\/span><\/li>\n<\/ul>\n<h4 style=\"text-align: center;\"><span style=\"color: #ff6600;\"><strong>FREE THE STREETS \/ FREE THE PEOPLE!<\/strong><\/span><\/h4>\n<h4 style=\"text-align: center;\"><span style=\"color: #ff6600;\"><strong>Why Do You Say Love When You Mean War?<\/strong><\/span><\/h4>\n<p>\u00a0<\/p>\n<p><span style=\"font-weight: 400;\">The walls of buildings in Serbian cities and towns have for a long time been a politically desirable and available canvas for the expression of views of various extreme right-wing groups, as well as a platform for promoting policies related to them. The result of the secret and even not so secret support as well as undue influence of the ruling political structure is an urban landscape saturated with drawings, graffiti, murals, and other visual messages that directly express and endorse hatred, racism, and sexism and that generally spreads toxic content of various types, creating a society full of violence present everywhere, especially among young people. This rhetoric and related actions also endanger the fundamental rights of people in Serbia.\u00a0<\/span><\/p>\n<p><span style=\"font-weight: 400;\"><br \/>The activities listed below will clearly identify the cases of <b>undue influence<\/b> in the public spectrum as a highly dangerous long-term trend for the democratic processes in Serbia. Ultimately, the objective of our civic initiative and its constituent programs is to actively transform these dangerous tendencies.<\/span><\/p>\n<p>\u00a0<\/p>\n<ul>\n<li style=\"font-weight: 400;\" aria-level=\"1\"><span style=\"font-weight: 400;\">network of <span style=\"color: #ff6600;\">150+<\/span> citizens\/activists<\/span><\/li>\n<li style=\"font-weight: 400;\" aria-level=\"1\"><span style=\"font-weight: 400;\"><span style=\"color: #ff6600;\">200+<\/span> graffiti removed\u00a0\u00a0<\/span><\/li>\n<li style=\"font-weight: 400;\" aria-level=\"1\"><span style=\"font-weight: 400;\"><span style=\"color: #ff6600;\">10<\/span> large scale murals in<\/span><\/li>\n<li style=\"font-weight: 400;\" aria-level=\"1\"><span style=\"font-weight: 400;\"><span style=\"color: #ff6600;\">5<\/span> cities and towns across Serbia<\/span><\/li>\n<li style=\"font-weight: 400;\" aria-level=\"1\"><span style=\"font-weight: 400;\"><span style=\"color: #ff6600;\">4<\/span> working groups<\/span><\/li>\n<li style=\"font-weight: 400;\" aria-level=\"1\"><span style=\"font-weight: 400;\"><span style=\"color: #ff6600;\">1<\/span> official proposal for the legislation changes\/public policy\u00a0<\/span><\/li>\n<li style=\"font-weight: 400;\" aria-level=\"1\"><span style=\"font-weight: 400;\"><span style=\"color: #ff6600;\">1<\/span> civic petition<\/span><\/li>\n<li style=\"font-weight: 400;\" aria-level=\"1\"><span style=\"font-weight: 400;\"><span style=\"color: #ff6600;\">15<\/span> local protests and advocacy campaigns<\/span><\/li>\n<li style=\"font-weight: 400;\" aria-level=\"1\"><span style=\"font-weight: 400;\"><span style=\"color: #ff6600;\">1<\/span> high profile expert research with analysis\u00a0<\/span><\/li>\n<li style=\"font-weight: 400;\" aria-level=\"1\"><span style=\"font-weight: 400;\"><span style=\"color: #ff6600;\">16<\/span> public panel discussions in <span style=\"color: #ff6600;\">15<\/span> locations<\/span><\/li>\n<li style=\"font-weight: 400;\" aria-level=\"1\"><span style=\"font-weight: 400;\"><span style=\"color: #ff6600;\">12<\/span> online and offline campaigns<\/span><\/li>\n<\/ul>\n<p><span style=\"font-weight: 400;\">During this first year of the aforementioned activities, more than <\/span><b>twenty eight misdemeanor charges<\/b><span style=\"font-weight: 400;\"> were filed against eight activists and KROKODIL personnel. These<\/span><b> strategic lawsuits against public participation (SLAPP)<\/b><span style=\"font-weight: 400;\"> par excellence represent a relatively new threat to freedom of speech in Serbia and one of the biggest challenges for KROKODIL to fight against and overcome in years to come.<\/span><\/p>\n<p>\u00a0<\/p>\n<h4 style=\"text-align: center;\"><span style=\"color: #ff6600;\"><strong>COMMON LANGUAGE<\/strong><\/span><\/h4>\n<p>\u00a0<\/p>\n<p><span style=\"font-weight: 400;\">Back in 2015, KROKODIL\u2019s project Languages and Nationalisms dealt with the important question of language misuse for political purposes in the region of the former Yugoslavia. It culminated in the development of the <\/span><b>Declaration on the Common Language <\/b><span style=\"font-weight: 400;\">which was signed by over 15,000 people worldwide.\u00a0<\/span><\/p>\n<p><span style=\"font-weight: 400;\">\u00a0<\/span><\/p>\n<p><b>Avram Noam Chomsky<\/b><span style=\"font-weight: 400;\">, famous American professor and public intellectual known for his work in linguistics as much as for his political activism, and social criticism <\/span><span style=\"font-weight: 400;\">is one of many high-profile academia persons who signed the Declaration.\u00a0<\/span><\/p>\n<p><span style=\"font-weight: 400;\">\u00a0<\/span><\/p>\n<p><span style=\"font-weight: 400;\">The COMMON LIBRARY edition of nine pocket sized books containing essayistic doublets on specific topics and signed by some of the most important literary names as a continuation of the above-named project takes into consideration literary genres rather than linguistic science in order to find the best means to advocate and apply pressure on political authorities in Bosnia and Herzegovina, Croatia, Montenegro and Serbia.<\/span><\/p>\n<p><span style=\"font-weight: 400;\">\u00a0<\/span><\/p>\n<p><span style=\"font-weight: 400;\">Another detour of this project to the field of different artistic expression is the theatre play \u201cUrotnici\u201d (The Conspirators) based on the essays and lives of authors presented in the Common Library edition. This play was widely staged in theatres around the region with intense public and critical acclaim.<\/span><\/p>\n<p><span style=\"font-weight: 400;\">\u00a0<\/span><\/p>\n<p><span style=\"font-weight: 400;\">All these activities were designed specifically in order to influence legislative change when it comes to the recognition of the fact that the 4 \u201cpolitical languages\u201d spoken in the region are actually nothing but equal variants of one and the same (still unnamed) polycentric language.\u00a0<\/span><\/p>\n<p><span style=\"font-weight: 400;\">\u00a0<\/span><\/p>\n<p><b>This legislative recognition would effectively bring an end to educational, cultural and, consequently, political segregation<\/b><span style=\"font-weight: 400;\">.<\/span><\/p>\n<p>\u00a0<\/p>\n<ul>\n<li style=\"font-weight: 400;\" aria-level=\"1\"><span style=\"font-weight: 400;\"><span style=\"color: #ff6600;\">30+<\/span> public events in<span style=\"color: #ff6600;\"> 4<\/span> countries<\/span><\/li>\n<li style=\"font-weight: 400;\" aria-level=\"1\"><span style=\"font-weight: 400;\"><span style=\"color: #ff6600;\">1<\/span> Declaration<\/span><\/li>\n<li aria-level=\"1\"><span style=\"font-weight: 400;\"><span style=\"color: #ff6600;\">15,000+<\/span> signatures<\/span><\/li>\n<li style=\"font-weight: 400;\" aria-level=\"1\"><span style=\"font-weight: 400;\"><span style=\"color: #ff6600;\">15+<\/span> online campaigns<\/span><\/li>\n<li style=\"font-weight: 400;\" aria-level=\"1\"><span style=\"font-weight: 400;\"><span style=\"color: #ff6600;\">9<\/span> books \/ <span style=\"color: #ff6600;\">1<\/span> edition published in <span style=\"color: #ff6600;\">3<\/span> countries<\/span><\/li>\n<li style=\"font-weight: 400;\" aria-level=\"1\"><span style=\"font-weight: 400;\"><span style=\"color: #ff6600;\">1<\/span> theater play developed and played in <span style=\"color: #ff6600;\">5<\/span> countries<\/span><\/li>\n<li style=\"font-weight: 400;\" aria-level=\"1\"><span style=\"font-weight: 400;\"><span style=\"color: #ff6600;\">80+<\/span> media announcements\u00a0<\/span><\/li>\n<li style=\"font-weight: 400;\" aria-level=\"1\"><span style=\"font-weight: 400;\"><span style=\"color: #ff6600;\">90.000<\/span> euro value of the media announcements<\/span><\/li>\n<\/ul>\n<h4 style=\"text-align: center;\"><span style=\"color: #ff6600;\"><strong>DEBATES ON EUROPE<\/strong><\/span><\/h4>\n<p>\u00a0<\/p>\n<p><span style=\"font-weight: 400;\">Through active international cooperation, KROKODIL has gained significant recognition in both the European cultural and literary scenes, as well as in European socio political circles. KROKODIL is particularly focused on developing various programs of exceptional social and political significance, mostly in cooperation with different local and international partners. The most prominent among them is an annual series of conferences known as the Debate on Europe. The first Belgrade Debate on Europe, entitled What We Talk About When We Talk About Europe was held in December 2014 in Belgrade, as an integral part of a series of debates on Europe realised in more than 10 European\/Eastern European cities initiated by the German Academy of Language and Literature as well as the Cultural and Media Commissioner of the Federal Republic of Germany. The great success of the Belgrade Debate on Europe, the continuation of the European crisis as well as\u00a0<\/span><span style=\"font-weight: 400;\">facing the impact of the COVID-19 pandemic and its economic and social consequences throughout Europe<\/span><span style=\"font-weight: 400;\"> that followed, led to the marking of the Belgrade Debate on Europe as one of the KROKODIL\u2019s annual programs, as an event that offers a platform for regular gatherings of intellectuals from all over the European continent in order to open discussion on and articulate the burning issues of the European past, the present and the future aiming to contribute to development of better society.\u00a0<\/span><\/p>\n<ul>\n<li style=\"font-weight: 400;\" aria-level=\"1\"><span style=\"font-weight: 400;\"><span style=\"color: #ff6600;\">4<\/span> public events\u00a0<\/span><\/li>\n<li style=\"font-weight: 400;\" aria-level=\"1\"><span style=\"font-weight: 400;\"><span style=\"color: #ff6600;\">15<\/span> days of program realization<\/span><\/li>\n<li style=\"font-weight: 400;\" aria-level=\"1\"><span style=\"font-weight: 400;\"><span style=\"color: #ff6600;\">50+<\/span> panels realized<\/span><\/li>\n<li style=\"font-weight: 400;\" aria-level=\"1\"><span style=\"font-weight: 400;\"><span style=\"color: #ff6600;\">85+<\/span> intellectuals and experts participated<\/span><\/li>\n<li style=\"font-weight: 400;\" aria-level=\"1\"><span style=\"font-weight: 400;\"><span style=\"color: #ff6600;\">3000+<\/span> events attendees<\/span><\/li>\n<li style=\"font-weight: 400;\" aria-level=\"1\"><span style=\"font-weight: 400;\"><span style=\"color: #ff6600;\">15+<\/span> online campaigns<\/span><\/li>\n<li style=\"font-weight: 400;\" aria-level=\"1\"><span style=\"font-weight: 400;\"><span style=\"color: #ff6600;\">4<\/span> media partnerships\u00a0<\/span><\/li>\n<li style=\"font-weight: 400;\" aria-level=\"1\"><span style=\"font-weight: 400;\"><span style=\"color: #ff6600;\">85+<\/span> media announcements\u00a0<\/span><\/li>\n<li style=\"font-weight: 400;\" aria-level=\"1\"><span style=\"font-weight: 400;\"><span style=\"color: #ff6600;\">100,000<\/span> euro value of the media announcements<\/span><\/li>\n<\/ul>\n<h4 style=\"text-align: center;\"><strong><span style=\"color: #ff6600;\">\u00a0HISTOIRE POUR LA LIBERT\u00c9<\/span><\/strong><\/h4>\n<p>\u00a0<\/p>\n<p><span style=\"font-weight: 400;\">KROKODIL\u2019s project Who started all this? \u2013 Historians against revisionism gathered some of the most prominent historians of the post-Yugoslav region. The intention was to actively<b> fight against revisionist tendencies<\/b> in regional historiographies and thus advocate for a multiperspective approach to learning history in official school curricula. The main result of this project is the publication and dissemination of the <b>Declaration Defend History<\/b>. As a follow-up of this successful project, KROKODIL continued the discussion on the importance of inclusive and balanced historical writing and participatory cultures of remembrance through the project Histoire pour la libert\u00e9. By marking events in recent European history, such as the reunification of Germany and the democratic transition of Central and Eastern Europe, but also by correlating them to the breakup of Yugoslavia, this project aims to stimulate debate and reflection on a common culture of remembrance and to promote peace, tolerance, and exchange of experiences and perspectives, in order to further emphasize the dynamic character of European memory.<\/span><\/p>\n<p>\u00a0<\/p>\n<ul>\n<li style=\"font-weight: 400;\" aria-level=\"1\"><span style=\"font-weight: 400;\"><span style=\"color: #ff6600;\">50+<\/span> public events in <span style=\"color: #ff6600;\">6<\/span> countries<\/span><\/li>\n<li style=\"font-weight: 400;\" aria-level=\"1\"><span style=\"font-weight: 400;\"><span style=\"color: #ff6600;\">1<\/span> Declaration in<\/span><\/li>\n<\/ul>\n<p><span style=\"font-weight: 400;\"><span style=\"color: #ff6600;\">9<\/span> languages<\/span><\/p>\n<ul>\n<li style=\"font-weight: 400;\" aria-level=\"1\"><span style=\"font-weight: 400;\"><span style=\"color: #ff6600;\">1,000+<\/span> signatures<\/span><\/li>\n<li style=\"font-weight: 400;\" aria-level=\"1\"><span style=\"font-weight: 400;\"><span style=\"color: #ff6600;\">25+<\/span> online campaigns<\/span><\/li>\n<li style=\"font-weight: 400;\" aria-level=\"1\"><span style=\"font-weight: 400;\"><span style=\"color: #ff6600;\">30+<\/span> experts historians involved from<\/span><\/li>\n<\/ul>\n<p><span style=\"font-weight: 400;\"><span style=\"color: #ff6600;\">6<\/span> countries<\/span><\/p>\n<ul>\n<li style=\"font-weight: 400;\" aria-level=\"1\"><span style=\"font-weight: 400;\"><span style=\"color: #ff6600;\">150+<\/span> students of history involved<\/span><\/li>\n<li style=\"font-weight: 400;\" aria-level=\"1\"><span style=\"font-weight: 400;\"><span style=\"color: #ff6600;\">3<\/span> summer schools<\/span><\/li>\n<li style=\"font-weight: 400;\" aria-level=\"1\"><span style=\"font-weight: 400;\"><span style=\"color: #ff6600;\">4<\/span> seminars<\/span><\/li>\n<li style=\"font-weight: 400;\" aria-level=\"1\"><span style=\"font-weight: 400;\"><span style=\"color: #ff6600;\">1<\/span> advocacy campaign\u00a0<\/span><\/li>\n<li style=\"font-weight: 400;\" aria-level=\"1\"><span style=\"font-weight: 400;\"><span style=\"color: #ff6600;\">100+<\/span> media announcements<\/span><\/li>\n<\/ul>\n<h4 style=\"text-align: center;\"><span style=\"color: #ff6600;\"><strong>PHILANTHROPY\/CROWDFUNDING<\/strong><\/span><\/h4>\n<p>\u00a0<\/p>\n<p><span style=\"font-weight: 400;\">The KROKODIL Association is recognised as one of the most dynamic and successful crowdfunding organisations with more than <\/span><b>750 regular individual donors<\/b><span style=\"font-weight: 400;\"> that provide financial contribution to different humanitarian causes the purpose of which is to raise funds and help vulnerable groups. Institutions that care for extremely prematurely born babies, children\u2019s hospitals at home and abroad, civilian refugees from Ukraine and Gaza Strip, even restoration of vandalized monuments in public space\u2026 all were supported through different crowdfunding campaigns initiated and managed by KROKODIL.<\/span><\/p>\n<p><span style=\"font-weight: 400;\">\u00a0<\/span><\/p>\n<p><span style=\"font-weight: 400;\">One of the main objectives here is strengthening solidarity among citizens and encouraging empathy and proactive stance towards addressing the issues that individuals, groups or families, whether temporarily or permanently, face.\u00a0<\/span><\/p>\n<p><span style=\"font-weight: 400;\"><br \/>Another goal is to advocate for <b>improved public policies<\/b> relating to philanthropy.<\/span><\/p>\n<p>\u00a0<\/p>\n<ul>\n<li style=\"font-weight: 400;\" aria-level=\"1\"><span style=\"font-weight: 400;\"><span style=\"color: #ff6600;\">20<\/span> fundraising campaigns during <span style=\"color: #ff6600;\">5<\/span> years<\/span><\/li>\n<li style=\"font-weight: 400;\" aria-level=\"1\"><span style=\"font-weight: 400;\"><span style=\"color: #ff6600;\">80.000<\/span> euro fundraised\u00a0<\/span><\/li>\n<li style=\"font-weight: 400;\" aria-level=\"1\"><span style=\"font-weight: 400;\"><span style=\"color: #ff6600;\">750+<\/span> individual donors worldwide<\/span><\/li>\n<li style=\"font-weight: 400;\" aria-level=\"1\"><span style=\"font-weight: 400;\"><span style=\"color: #ff6600;\">4<\/span> state institutions beneficiaries in <span style=\"color: #ff6600;\">2<\/span> countries (Serbia and Ukraine)\u00a0<\/span><\/li>\n<li style=\"font-weight: 400;\" aria-level=\"1\"><span style=\"font-weight: 400;\"><span style=\"color: #ff6600;\">25<\/span> online campaigns<\/span><\/li>\n<li style=\"font-weight: 400;\" aria-level=\"1\"><span style=\"font-weight: 400;\"><span style=\"color: #ff6600;\">15<\/span> different charity events<\/span><\/li>\n<li style=\"font-weight: 400;\" aria-level=\"1\"><span style=\"font-weight: 400;\"><span style=\"color: #ff6600;\">50+<\/span> media announcements\u00a0<\/span><\/li>\n<li style=\"font-weight: 400;\" aria-level=\"1\"><span style=\"font-weight: 400;\"><span style=\"color: #ff6600;\">100.000<\/span> euro value of the media announcements<\/span><\/li>\n<\/ul>\n<h4 style=\"text-align: center;\"><span style=\"color: #ff6600;\"><strong>KROKODIL Center<\/strong><\/span><\/h4>\n<p>\u00a0<\/p>\n<p><span style=\"font-weight: 400;\">KROKODIL Center is a fully self-sustainable multifunctional space of 250m2 that is divided into three separate units: courtyard, office with conference area, and a technically equipped venue with stage, microphones, stage lighting, a screen, projector etc.\u00a0<\/span><\/p>\n<p>\u00a0<\/p>\n<p><span style=\"font-weight: 400;\">KROKODIL Center is a pet and baby\/kid-friendly non-smoking place. It contains a bar and a restaurant kitchen plus an experienced and well-trained chef and staff that serves a carefully selected choice of wines, drinks and food. The space is ideal for lectures, training, meetings, work breakfasts, brunches and lunches, organised dinners, presentations, plannings, seminars, workshops, press conferences, corporate celebrations, parties and anniversaries.\u00a0<\/span><\/p>\n<p>\u00a0<\/p>\n<p><span style=\"font-weight: 400;\">Since opening in September 2018, more than 640 different events have taken place in KROKODIL Center, including:\u00a0<\/span><\/p>\n<p>\u00a0<\/p>\n<ul>\n<li style=\"font-weight: 400;\" aria-level=\"1\"><span style=\"font-weight: 400;\"><span style=\"color: #ff6600;\">120+<\/span> literary events\u00a0\u00a0<\/span><\/li>\n<li style=\"font-weight: 400;\" aria-level=\"1\"><span style=\"font-weight: 400;\"><span style=\"color: #ff6600;\">200+<\/span> socio-political events\u00a0\u00a0<\/span><\/li>\n<li style=\"font-weight: 400;\" aria-level=\"1\"><span style=\"font-weight: 400;\"><span style=\"color: #ff6600;\">50+<\/span> arts and theater programs<\/span><\/li>\n<li style=\"font-weight: 400;\" aria-level=\"1\"><span style=\"font-weight: 400;\"><span style=\"color: #ff6600;\">40+<\/span> exhibitions\u00a0\u00a0<\/span><\/li>\n<li style=\"font-weight: 400;\" aria-level=\"1\"><span style=\"font-weight: 400;\"><span style=\"color: #ff6600;\">10+<\/span> international student visits\u00a0\u00a0<\/span><\/li>\n<li style=\"font-weight: 400;\" aria-level=\"1\"><span style=\"font-weight: 400;\"><span style=\"color: #ff6600;\">220+<\/span> academic gatherings, roundtables and panel discussions\u00a0<\/span><\/li>\n<\/ul>\n<h4 style=\"text-align: center;\"><span style=\"color: #ff7000;\"><b>KROKODOKODIL<\/b><\/span><\/h4>\n<h4 style=\"text-align: center;\"><span style=\"color: #ff7000;\"><b>festival of literature and illustration for children<\/b><\/span><\/h4>\n<p>\u00a0<\/p>\n<p><span style=\"font-weight: 400;\">This unique festival was launched in April 2014 with the very first festival event, \u201cHow a Book is Made.\u201d In cooperation with the organization \u201cOK\u00a0 \u2013 Obrazovanje i kultura\u201d and the Belgrade-based \u201cYouth Theatre Dadov,\u201d Association KROKODIL aims to use this fun, thematic, multimedia and interdisciplinary event for children, which occupies a borderline between theatre show and festival, in order to help raise a new literary audience by promoting literary production for children as well as the culture of reading.<\/span><\/p>\n<p>\u00a0<\/p>\n<p style=\"text-align: left;\"><strong>\u2026and many other projects dedicated to translation, literature, regional and European cultural cooperation, the mobility of cultural workers, and cross-border and cross-sector activities funded mainly by the Creative Europe program of the European Commission. <\/strong><\/p>\n<h4 style=\"text-align: center;\">\u00a0<\/h4>\n<p>\u00a0<\/p>\n\n\n<p><\/p>\n","protected":false},"excerpt":{"rendered":"<p>\u00a0 K.R.O.K.O.D.I.L. \u00a0 is an acronym that stands for:Literary Regional Gathering That Alleviates Boredom And Lethargy. \u00a0 Ever since its foundation in 2009, Association KROKODIL has organized the annual KROKODIL Literary Festival, held in Belgrade, Serbia. The festival, which was primarily conceived as a regional&#8230;<\/p>\n","protected":false},"author":1,"featured_media":0,"parent":0,"menu_order":0,"comment_status":"open","ping_status":"open","template":"full_width.php","meta":{"om_disable_all_campaigns":false,"_monsterinsights_skip_tracking":false,"_monsterinsights_sitenote_active":false,"_monsterinsights_sitenote_note":"","_monsterinsights_sitenote_category":0},"aioseo_notices":[],"_links":{"self":[{"href":"https:\/\/www.krokodil.rs\/eng\/wp-json\/wp\/v2\/pages\/13396"}],"collection":[{"href":"https:\/\/www.krokodil.rs\/eng\/wp-json\/wp\/v2\/pages"}],"about":[{"href":"https:\/\/www.krokodil.rs\/eng\/wp-json\/wp\/v2\/types\/page"}],"author":[{"embeddable":true,"href":"https:\/\/www.krokodil.rs\/eng\/wp-json\/wp\/v2\/users\/1"}],"replies":[{"embeddable":true,"href":"https:\/\/www.krokodil.rs\/eng\/wp-json\/wp\/v2\/comments?post=13396"}],"version-history":[{"count":42,"href":"https:\/\/www.krokodil.rs\/eng\/wp-json\/wp\/v2\/pages\/13396\/revisions"}],"predecessor-version":[{"id":21027,"href":"https:\/\/www.krokodil.rs\/eng\/wp-json\/wp\/v2\/pages\/13396\/revisions\/21027"}],"wp:attachment":[{"href":"https:\/\/www.krokodil.rs\/eng\/wp-json\/wp\/v2\/media?parent=13396"}],"curies":[{"name":"wp","href":"https:\/\/api.w.org\/{rel}","templated":true}]}}