{"id":15326,"date":"2017-08-11T12:32:11","date_gmt":"2017-08-11T12:32:11","guid":{"rendered":"http:\/\/www.krokodil.rs\/eng\/?page_id=15326"},"modified":"2017-08-14T10:57:15","modified_gmt":"2017-08-14T10:57:15","slug":"festival-krokodil-2012","status":"publish","type":"page","link":"https:\/\/www.krokodil.rs\/eng\/festival-krokodil-2012\/","title":{"rendered":"FESTIVAL KROKODIL 2012"},"content":{"rendered":"<section class=\"wpb-content-wrapper\"><p>[vc_row css_animation=&#8221;&#8221; row_type=&#8221;row&#8221; use_row_as_full_screen_section=&#8221;no&#8221; type=&#8221;grid&#8221; angled_section=&#8221;no&#8221; text_align=&#8221;left&#8221; background_image_as_pattern=&#8221;without_pattern&#8221; padding_top=&#8221;87&#8243;][vc_column][vc_column_text]<\/p>\n<h2 lang=\"en-GB\" align=\"CENTER\">\u00a0FESTIVA KROKODIL 2012.<\/h2>\n<p>[\/vc_column_text][vc_separator type=&#8221;small&#8221; position=&#8221;center&#8221; color=&#8221;#ff7000&#8243;][vc_column_text]<\/p>\n<h4 lang=\"en-GB\" align=\"CENTER\"><em><span lang=\"en-GB\">\u2013\u00a0<b>TEMA<\/b><\/span><span lang=\"en-GB\">\u00a0\u2013<\/span><\/em><\/h4>\n<p>[\/vc_column_text][vc_separator type=&#8221;transparent&#8221; up=&#8221;31&#8243; down=&#8221;10&#8243;][vc_separator type=&#8221;normal&#8221; down=&#8221;30&#8243;][\/vc_column][\/vc_row][vc_row css_animation=&#8221;&#8221; row_type=&#8221;row&#8221; use_row_as_full_screen_section=&#8221;no&#8221; type=&#8221;full_width&#8221; angled_section=&#8221;no&#8221; text_align=&#8221;left&#8221; background_image_as_pattern=&#8221;without_pattern&#8221; side_padding=&#8221;10&#8243; padding_top=&#8221;50&#8243; padding_bottom=&#8221;50&#8243;][vc_column width=&#8221;1\/2&#8243;][vc_single_image image=&#8221;15320&#8243; img_size=&#8221;large&#8221; alignment=&#8221;center&#8221; style=&#8221;vc_box_shadow&#8221; qode_css_animation=&#8221;&#8221;][\/vc_column][vc_column width=&#8221;1\/2&#8243;]<div class='q_icon_with_title tiny normal_icon '><div class=\"icon_holder \" style=\" \"><span data-icon-type=\"normal\"   style=\"\" class=\"qode_iwt_icon_holder q_font_awsome_icon fa-lg  \"><i class=\"qode_icon_font_awesome fa fa-location-arrow qode_iwt_icon_element\" style=\"color: #f77000;\" ><\/i><\/span><\/div><div class=\"icon_text_holder\" style=\"\"><div class=\"icon_text_inner\" style=\"\"><h5 class=\"icon_title\" style=\"color: #f77000;\">KAD<\/h5><p style=''><\/p><\/div><\/div><\/div>[vc_column_text]<\/p>\n<p class=\"p1\"><strong><span class=\"s1\">13. 06. 2012. u Zagrebu<\/span><\/strong><\/p>\n<p class=\"p1\"><span class=\"s1\"><strong>14. i 15.06.2012. u Beogradu<\/strong> <\/span><\/p>\n<p>[\/vc_column_text][vc_separator type=&#8221;transparent&#8221; down=&#8221;10px&#8221;]<div class='q_icon_with_title tiny normal_icon '><div class=\"icon_holder \" style=\" \"><span data-icon-type=\"normal\"   style=\"\" class=\"qode_iwt_icon_holder q_font_awsome_icon fa-lg  \"><i class=\"qode_icon_font_awesome fa fa-location-arrow qode_iwt_icon_element\" style=\"color: #f77000;\" ><\/i><\/span><\/div><div class=\"icon_text_holder\" style=\"\"><div class=\"icon_text_inner\" style=\"\"><h5 class=\"icon_title\" style=\"color: #f77000;\">GDE<\/h5><p style=''><\/p><\/div><\/div><\/div>[vc_column_text]<\/p>\n<p class=\"p1\"><strong><span class=\"s1\">VIP club, Trg bana Jela\u010di\u0107a 7, Zagreb,<\/span><\/strong><\/p>\n<p class=\"p1\"><strong>Muzej istorije Jugoslavije, Boticeva 6<\/strong><strong>, Beograd<\/strong><\/p>\n<p>[\/vc_column_text][vc_separator type=&#8221;transparent&#8221; down=&#8221;10px&#8221;]<div class='q_icon_with_title tiny normal_icon '><div class=\"icon_holder \" style=\" \"><span data-icon-type=\"normal\"   style=\"\" class=\"qode_iwt_icon_holder q_font_awsome_icon fa-lg  \"><i class=\"qode_icon_font_awesome fa fa-location-arrow qode_iwt_icon_element\" style=\"color: #f77000;\" ><\/i><\/span><\/div><div class=\"icon_text_holder\" style=\"\"><div class=\"icon_text_inner\" style=\"\"><h5 class=\"icon_title\" style=\"color: #f77000;\">U\u010cESTVUJU<\/h5><p style=''><\/p><\/div><\/div><\/div>[vc_column_text]<\/p>\n<p class=\"p1\"><strong><span class=\"s1\">Andres Barba, Thomas Glavinic, Joerg Albrecht, Daniela Seel, Sreten Ugri\u010di\u0107, Zoran Feri\u0107, Damir Avdi\u0107 ,\u00a0<\/span><span class=\"s1\">Tea Tuli\u0107, Edo Popovi\u0107, Vladimir Pi\u0161talo, Mirjana Novakovi\u0107, Slavenka Drakuli\u0107, Valerie Fritsch, Lazslo Vegel, Uglje\u0161a \u0160ajtinac, Mirjana \u0110ur\u0111evi\u0107, Igor \u0160tiks i bend Arbe Garbe.<\/span><\/strong><\/p>\n<p>[\/vc_column_text][\/vc_column][\/vc_row][vc_row css_animation=&#8221;&#8221; row_type=&#8221;row&#8221; use_row_as_full_screen_section=&#8221;no&#8221; type=&#8221;full_width&#8221; angled_section=&#8221;no&#8221; text_align=&#8221;left&#8221; background_image_as_pattern=&#8221;without_pattern&#8221;][vc_column][vc_gallery type=&#8221;image_grid&#8221; images=&#8221;15386,15387,15388,15389&#8243; img_size=&#8221;600&#215;600&#8243; onclick=&#8221;custom_link&#8221; column_number=&#8221;4&#8243; grayscale=&#8221;no&#8221; images_space=&#8221;gallery_without_space&#8221; custom_links=&#8221;#E-8_aHR0cCUzQSUyRiUyRnd3dy5rcm9rb2RpbC5ycyUyRmdhbGVyaWphLWZlc3RpdmFsYS1rcm9rb2RpbC0yMDEyJTJGJTJDaHR0cCUzQSUyRiUyRnd3dy5rcm9rb2RpbC5ycyUyRmdhbGVyaWphLWZlc3RpdmFsYS1rcm9rb2RpbC0yMDEyJTJGJTJDaHR0cCUzQSUyRiUyRnd3dy5rcm9rb2RpbC5ycyUyRmdhbGVyaWphLWZlc3RpdmFsYS1rcm9rb2RpbC0yMDEyJTJGJTJDaHR0cCUzQSUyRiUyRnd3dy5rcm9rb2RpbC5ycyUyRmdhbGVyaWphLWZlc3RpdmFsYS1rcm9rb2RpbC0yMDEyJTJG&#8221;][\/vc_column][\/vc_row][vc_row css_animation=&#8221;&#8221; row_type=&#8221;row&#8221; use_row_as_full_screen_section=&#8221;no&#8221; type=&#8221;grid&#8221; angled_section=&#8221;no&#8221; text_align=&#8221;left&#8221; background_image_as_pattern=&#8221;without_pattern&#8221; background_color=&#8221;#ffffff&#8221; padding_top=&#8221;78&#8243; padding_bottom=&#8221;14&#8243;][vc_column][vc_separator type=&#8221;transparent&#8221; up=&#8221;10&#8243;][vc_column_text]<\/p>\n<p class=\"p1\"><span class=\"s1\">Prvo ve\u010de, 13.06.2012, Zagreb, VIP club, Trg bana Jela\u010di\u0107a 7, s po\u010detkom u 19h. Nastupaju:<\/span><\/p>\n<p>&nbsp;<\/p>\n<p class=\"p1\"><span class=\"s1\">Andres Barba (\u0160panija), Thomas Glavinic (Austrija), Joerg Albrecht (Nema\u010dka), Daniela Seel (Nema\u010dka), Sreten Ugri\u010di\u0107 (Srbija), Zoran Feri\u0107 (Hrvatska), Damir Avdi\u0107 (Bosna i Hercegovina) i bend Arbe Garbe.<\/span><\/p>\n<p>&nbsp;<\/p>\n<p class=\"p1\"><span class=\"s1\">Drugo i tre\u0107e ve\u010de, 14.i 15.06.2012, Beograd, Amfiteatar ispred Muzeja istorije Jugoslavije, s po\u010detkom u 20h. Nastupaju:<\/span><\/p>\n<p>&nbsp;<\/p>\n<p class=\"p1\"><span class=\"s1\">Tea Tuli\u0107 (Hrvatska), Edo Popovi\u0107 (Hrvatska), Vladimir Pi\u0161talo (Srbija), Mirjana Novakovi\u0107 (Srbija), Slavenka Drakuli\u0107 (Hrvatska), Valerie Fritsch (Austrija), Lazslo Vegel (Srbija), Uglje\u0161a \u0160ajtinac (Srbija), Mirjana \u0110ur\u0111evi\u0107 (Srbija) i Igor \u0160tiks (Hrvatska).<\/span><\/p>\n<p>[\/vc_column_text][\/vc_column][\/vc_row][vc_row css_animation=&#8221;&#8221; row_type=&#8221;row&#8221; use_row_as_full_screen_section=&#8221;no&#8221; type=&#8221;grid&#8221; angled_section=&#8221;no&#8221; text_align=&#8221;left&#8221; background_image_as_pattern=&#8221;without_pattern&#8221; background_color=&#8221;#ffffff&#8221; padding_top=&#8221;10&#8243;][vc_column][vc_separator type=&#8221;transparent&#8221; down=&#8221;30&#8243;][\/vc_column][\/vc_row][vc_row css_animation=&#8221;&#8221; row_type=&#8221;row&#8221; use_row_as_full_screen_section=&#8221;no&#8221; type=&#8221;grid&#8221; angled_section=&#8221;no&#8221; text_align=&#8221;left&#8221; background_image_as_pattern=&#8221;without_pattern&#8221; padding_top=&#8221;5&#8243; padding_bottom=&#8221;5&#8243;][vc_column]<div class='qode_carousels_holder clearfix'><div class='qode_carousels' data-number-of-visible-items=''><ul class='slides'><li class='item'><div class=\"carousel_item_holder\"><a itemprop='url' href='https:\/\/www.erstebank.rs\/rs\/' target='_blank'><span class='first_image_holder '><img itemprop=\"image\" src=\"http:\/\/www.krokodil.rs\/eng\/wp-content\/uploads\/2016\/08\/erste.png\" alt=\"carousel image\" \/><\/span><\/a><\/div><\/li><li class='item'><div class=\"carousel_item_holder\"><a itemprop='url' href='http:\/\/www.goethe.de\/ins\/cs\/sr\/bel.html?wt_sc=belgrad%3b' target='_blank'><span class='first_image_holder '><img itemprop=\"image\" src=\"http:\/\/www.krokodil.rs\/eng\/wp-content\/uploads\/2016\/08\/goethe.png\" alt=\"carousel image\" \/><\/span><\/a><\/div><\/li><li class='item'><div class=\"carousel_item_holder\"><a itemprop='url' href='http:\/\/www.kultura.gov.rs\/' target='_blank'><span class='first_image_holder '><img itemprop=\"image\" src=\"http:\/\/www.krokodil.rs\/eng\/wp-content\/uploads\/2016\/08\/ministarstvo.png\" alt=\"carousel image\" \/><\/span><\/a><\/div><\/li><li class='item'><div class=\"carousel_item_holder\"><a itemprop='url' href='http:\/\/www.beograd.rs\/' target='_blank'><span class='first_image_holder '><img itemprop=\"image\" src=\"http:\/\/www.krokodil.rs\/eng\/wp-content\/uploads\/2016\/08\/grad-beograd.png\" alt=\"carousel image\" \/><\/span><\/a><\/div><\/li><li class='item'><div class=\"carousel_item_holder\"><a itemprop='url' href='http:\/\/serbian.traduki.eu\/' target='_blank'><span class='first_image_holder '><img itemprop=\"image\" src=\"http:\/\/www.krokodil.rs\/eng\/wp-content\/uploads\/2016\/08\/traduki.png\" alt=\"carousel image\" \/><\/span><\/a><\/div><\/li><li class='item'><div class=\"carousel_item_holder\"><a itemprop='url' href='https:\/\/kulturstiftung.allianz.de\/en\/' target='_self'><span class='first_image_holder has_hover_image'><img itemprop=\"image\" src=\"http:\/\/www.krokodil.rs\/eng\/wp-content\/uploads\/2017\/03\/AKS-logo.png\" alt=\"carousel image\" \/><\/span><span class='second_image_holder has_hover_image'><img itemprop=\"image\" src=\"http:\/\/www.krokodil.rs\/eng\/wp-content\/uploads\/2017\/03\/AKS-logo.png\" alt=\"carousel image\" \/><\/span><\/a><\/div><\/li><\/ul><\/div><\/div>[\/vc_column][\/vc_row]<\/p>\n<\/section>","protected":false},"excerpt":{"rendered":"<p>[vc_row css_animation=&#8221;&#8221; row_type=&#8221;row&#8221; use_row_as_full_screen_section=&#8221;no&#8221; type=&#8221;grid&#8221; angled_section=&#8221;no&#8221; text_align=&#8221;left&#8221; background_image_as_pattern=&#8221;without_pattern&#8221; padding_top=&#8221;87&#8243;][vc_column][vc_column_text] \u00a0FESTIVA KROKODIL 2012. [\/vc_column_text][vc_separator type=&#8221;small&#8221; position=&#8221;center&#8221; color=&#8221;#ff7000&#8243;][vc_column_text] \u2013\u00a0TEMA\u00a0\u2013 [\/vc_column_text][vc_separator type=&#8221;transparent&#8221; up=&#8221;31&#8243; down=&#8221;10&#8243;][vc_separator type=&#8221;normal&#8221; down=&#8221;30&#8243;][\/vc_column][\/vc_row][vc_row css_animation=&#8221;&#8221; row_type=&#8221;row&#8221; use_row_as_full_screen_section=&#8221;no&#8221; type=&#8221;full_width&#8221; angled_section=&#8221;no&#8221; text_align=&#8221;left&#8221; background_image_as_pattern=&#8221;without_pattern&#8221; side_padding=&#8221;10&#8243; padding_top=&#8221;50&#8243; padding_bottom=&#8221;50&#8243;][vc_column width=&#8221;1\/2&#8243;][vc_single_image image=&#8221;15320&#8243; img_size=&#8221;large&#8221; alignment=&#8221;center&#8221; style=&#8221;vc_box_shadow&#8221; qode_css_animation=&#8221;&#8221;][\/vc_column][vc_column width=&#8221;1\/2&#8243;][vc_column_text] 13. 06. 2012. u Zagrebu&#8230;<\/p>\n","protected":false},"author":1,"featured_media":0,"parent":0,"menu_order":0,"comment_status":"closed","ping_status":"closed","template":"full_width.php","meta":{"om_disable_all_campaigns":false,"_monsterinsights_skip_tracking":false,"_monsterinsights_sitenote_active":false,"_monsterinsights_sitenote_note":"","_monsterinsights_sitenote_category":0},"aioseo_notices":[],"_links":{"self":[{"href":"https:\/\/www.krokodil.rs\/eng\/wp-json\/wp\/v2\/pages\/15326"}],"collection":[{"href":"https:\/\/www.krokodil.rs\/eng\/wp-json\/wp\/v2\/pages"}],"about":[{"href":"https:\/\/www.krokodil.rs\/eng\/wp-json\/wp\/v2\/types\/page"}],"author":[{"embeddable":true,"href":"https:\/\/www.krokodil.rs\/eng\/wp-json\/wp\/v2\/users\/1"}],"replies":[{"embeddable":true,"href":"https:\/\/www.krokodil.rs\/eng\/wp-json\/wp\/v2\/comments?post=15326"}],"version-history":[{"count":2,"href":"https:\/\/www.krokodil.rs\/eng\/wp-json\/wp\/v2\/pages\/15326\/revisions"}],"predecessor-version":[{"id":15412,"href":"https:\/\/www.krokodil.rs\/eng\/wp-json\/wp\/v2\/pages\/15326\/revisions\/15412"}],"wp:attachment":[{"href":"https:\/\/www.krokodil.rs\/eng\/wp-json\/wp\/v2\/media?parent=15326"}],"curies":[{"name":"wp","href":"https:\/\/api.w.org\/{rel}","templated":true}]}}