{"id":15913,"date":"2019-07-31T14:07:37","date_gmt":"2019-07-31T14:07:37","guid":{"rendered":"http:\/\/www.krokodil.rs\/eng\/?page_id=15913"},"modified":"2021-01-21T13:19:54","modified_gmt":"2021-01-21T13:19:54","slug":"festival-krokodil-2019","status":"publish","type":"page","link":"https:\/\/www.krokodil.rs\/eng\/festival-krokodil-2019\/","title":{"rendered":"FESTIVAL KROKODIL 2019"},"content":{"rendered":"<section class=\"wpb-content-wrapper\"><p>[vc_row css_animation=&#8221;&#8221; row_type=&#8221;row&#8221; use_row_as_full_screen_section=&#8221;no&#8221; type=&#8221;grid&#8221; angled_section=&#8221;no&#8221; text_align=&#8221;left&#8221; background_image_as_pattern=&#8221;without_pattern&#8221; padding_top=&#8221;87&#8243;][vc_column][vc_column_text]<\/p>\n<h2 lang=\"en-GB\" align=\"CENTER\">\u00a0FESTIVAL KROKODIL 2019<\/h2>\n<p>[\/vc_column_text][vc_separator type=&#8221;small&#8221; position=&#8221;center&#8221; color=&#8221;#ff7000&#8243;][vc_column_text]<\/p>\n<h4 lang=\"en-GB\" align=\"CENTER\"><em><span lang=\"en-GB\">\u2013\u00a0 11th FESTIVAL<\/span><\/em>\u00a0<em><span lang=\"en-GB\">\u2013<\/span><\/em><\/h4>\n<p>[\/vc_column_text][vc_separator type=&#8221;transparent&#8221; up=&#8221;31&#8243; down=&#8221;10&#8243;][vc_separator type=&#8221;normal&#8221; down=&#8221;30&#8243;][\/vc_column][\/vc_row][vc_row css_animation=&#8221;&#8221; row_type=&#8221;row&#8221; use_row_as_full_screen_section=&#8221;no&#8221; type=&#8221;full_width&#8221; angled_section=&#8221;no&#8221; text_align=&#8221;left&#8221; background_image_as_pattern=&#8221;without_pattern&#8221; side_padding=&#8221;10&#8243; padding_top=&#8221;50&#8243; padding_bottom=&#8221;70&#8243;][vc_column width=&#8221;1\/2&#8243;][vc_single_image image=&#8221;15729&#8243; img_size=&#8221;large&#8221; alignment=&#8221;center&#8221; style=&#8221;vc_box_shadow&#8221; qode_css_animation=&#8221;&#8221;][\/vc_column][vc_column width=&#8221;1\/2&#8243;]<div class='q_icon_with_title tiny normal_icon '><div class=\"icon_holder \" style=\" \"><span data-icon-type=\"normal\"   style=\"\" class=\"qode_iwt_icon_holder q_font_awsome_icon fa-lg  \"><i class=\"qode_icon_font_awesome fa fa-location-arrow qode_iwt_icon_element\" style=\"color: #f77000;\" ><\/i><\/span><\/div><div class=\"icon_text_holder\" style=\"\"><div class=\"icon_text_inner\" style=\"\"><h5 class=\"icon_title\" style=\"color: #f77000;\">WHEN<\/h5><p style=''><\/p><\/div><\/div><\/div>[vc_column_text]<\/p>\n<p class=\"p1\"><strong><span class=\"s1\">07\/08\/09 June 2019 &#8211;<\/span><span class=\"s1\">\u00a0Belgrade<\/span><\/strong><\/p>\n<p>[\/vc_column_text][vc_separator type=&#8221;transparent&#8221; down=&#8221;10px&#8221;]<div class='q_icon_with_title tiny normal_icon '><div class=\"icon_holder \" style=\" \"><span data-icon-type=\"normal\"   style=\"\" class=\"qode_iwt_icon_holder q_font_awsome_icon fa-lg  \"><i class=\"qode_icon_font_awesome fa fa-location-arrow qode_iwt_icon_element\" style=\"color: #f77000;\" ><\/i><\/span><\/div><div class=\"icon_text_holder\" style=\"\"><div class=\"icon_text_inner\" style=\"\"><h5 class=\"icon_title\" style=\"color: #f77000;\">WHERE<\/h5><p style=''><\/p><\/div><\/div><\/div>[vc_column_text]<\/p>\n<p class=\"p1\"><strong>Belgrade \u2013 Kombank dvorana, Dom omladine<\/strong><br \/>\n<strong>Debate program: CZKD, Bir\u010daninova 21<\/strong><\/p>\n<p>[\/vc_column_text][vc_separator type=&#8221;transparent&#8221; down=&#8221;10px&#8221;]<div class='q_icon_with_title tiny normal_icon '><div class=\"icon_holder \" style=\" \"><span data-icon-type=\"normal\"   style=\"\" class=\"qode_iwt_icon_holder q_font_awsome_icon fa-lg  \"><i class=\"qode_icon_font_awesome fa fa-location-arrow qode_iwt_icon_element\" style=\"color: #f77000;\" ><\/i><\/span><\/div><div class=\"icon_text_holder\" style=\"\"><div class=\"icon_text_inner\" style=\"\"><h5 class=\"icon_title\" style=\"color: #f77000;\">PARTICIPANTS<\/h5><p style=''><\/p><\/div><\/div><\/div>[vc_column_text]<\/p>\n<p class=\"p1\"><strong>L\u00e1szl\u00f3 Krasznahorkai, Svetislav Basara, Goran Markovi\u0107, Miljenko Jergovi\u0107, Zoran Kesi\u0107, <\/strong><strong>Vladimir Taba\u0161evi\u0107, Georgi Gospodinov, Lana Basta\u0161i\u0107, Jan Wagner, Bojan Babi\u0107, Ana <\/strong><strong>Ristovi\u0107, Rumena Bu\u017earovska, Maria Barnas and many others.<\/strong><\/p>\n<p>[\/vc_column_text][\/vc_column][\/vc_row][vc_row css_animation=&#8221;&#8221; row_type=&#8221;row&#8221; use_row_as_full_screen_section=&#8221;no&#8221; type=&#8221;full_width&#8221; angled_section=&#8221;no&#8221; text_align=&#8221;left&#8221; background_image_as_pattern=&#8221;without_pattern&#8221;][vc_column][vc_gallery type=&#8221;image_grid&#8221; images=&#8221;15919,15920,15921,15922&#8243; img_size=&#8221;600&#215;600&#8243; onclick=&#8221;custom_link&#8221; column_number=&#8221;4&#8243; grayscale=&#8221;no&#8221; images_space=&#8221;gallery_without_space&#8221; custom_links=&#8221;#E-8_aHR0cCUzQSUyRiUyRnd3dy5rcm9rb2RpbC5ycyUyRmdhbGVyaWphLWZlc3RpdmFsYS1rcm9rb2RpbC0yMDE5JTJGJTJDaHR0cCUzQSUyRiUyRnd3dy5rcm9rb2RpbC5ycyUyRmdhbGVyaWphLWZlc3RpdmFsYS1rcm9rb2RpbC0yMDE5JTJGJTJDaHR0cCUzQSUyRiUyRnd3dy5rcm9rb2RpbC5ycyUyRmdhbGVyaWphLWZlc3RpdmFsYS1rcm9rb2RpbC0yMDE5JTJGJTJDaHR0cCUzQSUyRiUyRnd3dy5rcm9rb2RpbC5ycyUyRmdhbGVyaWphLWZlc3RpdmFsYS1rcm9rb2RpbC0yMDE5JTJG&#8221;][\/vc_column][\/vc_row][vc_row css_animation=&#8221;&#8221; row_type=&#8221;row&#8221; use_row_as_full_screen_section=&#8221;no&#8221; type=&#8221;grid&#8221; angled_section=&#8221;no&#8221; text_align=&#8221;left&#8221; background_image_as_pattern=&#8221;without_pattern&#8221; background_color=&#8221;#ffffff&#8221; padding_top=&#8221;78&#8243; padding_bottom=&#8221;14&#8243;][vc_column][vc_separator type=&#8221;transparent&#8221; up=&#8221;10&#8243;][vc_column_text]<span style=\"font-weight: 400;\">During the first evening of the eleventh edition of the literary festival KROKODIL writers such as Vladimir Taba\u0161evi\u0107, whose novel won this year\u2019s NIN prize, Rumena Bu\u017earovska, a writer from North Macedonia, and one of the most distinguished contemporary authors, Bojan Babi\u0107, presented their work through a public reading while the sofa-interview was reserved for the\u00a0 legendary film and theater director and writer Goran Markovi\u0107. Michel Houellebecq, who was also supposed to participate in\u00a0 the festival\u2019s first evening, could not come due to technical reasons, but actor Boris Isakovi\u0107 read an excerpt from Houellebecq\u2019s latest\u00a0 novel, \u201eSerotonin\u201c.<\/span><\/p>\n<p>&nbsp;<\/p>\n<p><span style=\"font-weight: 400;\">One of the renowned European authors today, Bulgarian writer Georgi Gospodinov, presented his work during the festival\u2019s second evening. Lana Basta\u0161i\u0107, a young Bosnian writer who lives in Barcelona, Spain, read from her first novel \u201eUhvati zeca\u201c (\u201eCatch the Rabbit\u201c), while popular comedian Zoran Kesi\u0107 and the satirical fake news website crew Njuz.net were in charge of providing comic relief between the writers\u2019 39 presentations.<\/span><\/p>\n<p><span style=\"font-weight: 400;\">\u00a0<\/span><\/p>\n<p><span style=\"font-weight: 400;\">The highlight of the festival\u2019s second evening was the presentation of L\u00e1szl\u00f3 Krasznahorkai, one of the most important and most translated Hungarian novelists. In his\u00a0 discussion with Marko \u010cudi\u0107, Krasznahorkai talked about his writing, characterized by an apocalyptic, ironic and parodical overview of contemporary Hungary and the contemporary world.<\/span><\/p>\n<p>&nbsp;<\/p>\n<p><span style=\"font-weight: 400;\">The focus of the festival\u2019s second evening was also the joint performance of two distinguished regional authors, Miljenko Jergovi\u0107 from Croatia and Svetislav Basara from Serbia. A\u00a0 special feature of this year\u2019s festival was the presentation of a large anthology of European poetry, recently published in Germany as\u00a0 \u201eGrand Tour \u2013 Europe in Poems\u201c, edited by Jan Wagner and Federico Italiano. During both evenings of the festival, the two of them presented this unique journey through the contemporary poetry of Europe via the work\u00a0 of some of the most distinguished poets in the collection, among whom are Maria Barnas from the Netherlands, Gabor Schein from Hungary, as well as the well-known Serbian poet Ana Ristovi\u0107 and Anja Golob from Slovenia. The entire program was moderated by Mima Simi\u0107.<\/span><\/p>\n<p>&nbsp;<\/p>\n<p><span style=\"font-weight: 400;\">The festival\u2019s\u00a0 debate program was held on Saturday, June 8 and Sunday, June 9 at\u00a0 12pm in Belgrade\u2019s Centre for Cultural Decontamination. This year, festival KROKODIL, as usual, prepared various public debates in which participating writers and other artists dealt with some of the most pressing social and political topics from the perspective of culture.<\/span><\/p>\n<p>&nbsp;<\/p>\n<p><span style=\"font-weight: 400;\">The discussion called\u00a0 \u201eNeighbors \u2013 Facing the present\u201c opened this year\u2019s debate program on Saturday, June 8 at 12pm. Rumena Bu\u017earovska from Northern Macedonia, Kozmin Perta from Romania, Ferenc Cinki from Hungary, Georgi Gospodinov from Bulgaria and Lana Basta\u0161i\u0107 from Bosnia and Herzegovina talked about the sharp rise of far right movements and the resurgence of nationalism, as well as protectionism motivated by the economic crisis and migrant waves from the Middle East.<\/span><\/p>\n<p>&nbsp;<\/p>\n<p><span style=\"font-weight: 400;\">At\u00a0 the second debate, dedicated to the \u201eGrand Tour\u201c anthology, on Saturday, June 8\u00a0 at 2pm, some of the most important European poets discussed\u00a0 the role of poets and poetry in times of dissipation of existing values. Following the project \u201eLanguages and Nationalisms\u201c, which dealt with the complex question of the reality of the existence of four political languages in the region of the former Yugoslavia, as well as its grand finale \u2013 the now very well known \u201eDeclaration on the Common Language\u201c, Association KROKODIL launched the new project called\u00a0 \u201eCommon Library\u201c. This project also deals with the subject of language but this time from the angle of literature and essay. On Sunday, June 9 at 12pm we organized a\u00a0 discussion on the topics of a common library and the possibility of common literature, or the literature of the common language instead of national or even ethnic literary selections. Participants included Igor \u0160tiks, Vladimir Arsenijevi\u0107, Miljenko Jergovi\u0107 and Lana Basta\u0161i\u0107.<\/span><\/p>\n<p>&nbsp;<\/p>\n<p><span style=\"font-weight: 400;\">On Sunday, June 9, at\u00a0 7pm at the KROKODIL Center, there was a performance by a group of young poets dedicated to oral poetry. These presentations were preceded by four days of workshops which were moderated by renowned artists from Switzerland, Serbia and Kosovo, centered\u00a0 around the program called\u00a0 The World Literary Forum. For the third year in a row, the KROKODIL festival had\u00a0 a humanitarian character. This year, we presented the cause \u201eFor Superhero Babies\u201c and invited the audience to donate to the activities of the Institute of Neonatology in Belgrade, Serbia. The team working in the Intensive care unit of the Belgrade Institute of Neonatology \u2013 Dr. Hajdarpa\u0161i\u0107, Dr. Stoiljkovi\u0107, Dr. Jovanovi\u0107, Dr.\u00a0 Kova\u010devi\u0107 and others \u2013 relentlessly work around the clock to help\u00a0 prematurely born babies to survive and grow.<\/span><\/p>\n<p>&nbsp;<\/p>\n<p><span style=\"font-weight: 400;\">The dedication, effort and love of these experts are immeasurable as well as their expertise and conscience. But this is not all that these superhero babies need. Respirators and tubes and infusion pumps are just some of the things that the Institute of Neonatology is missing.<\/span><\/p>\n<p>&nbsp;<\/p>\n<p><b>Organizer:<\/b><span style=\"font-weight: 400;\"> Association KROKODIL<\/span><\/p>\n<p><b>Support:<\/b><span style=\"font-weight: 400;\"> Ministry of Culture and Information, Tourist organization of the City Municipality of Savski venac, Museum of Yugoslavia, Insitut fran\u00e7ais de Serbie, Goethe-institut, Kulturforum Belgrad, Prohelvetia Allainzkulturstiftung, Deutsche Akademie f\u00fcr Sprache un Dichtung, Traduki, forum ZFD, CCFD Terres Solidaires, Booka, Geopoetika, Zepter, Prostoria.<\/span><\/p>\n<p><span style=\"font-weight: 400;\">The\u00a0 program was realized under the guise of the Reading Balkans project which is co-financed by the Creative Europe program of the European Union and under the project CSO activism for regional reconciliation in the former Yugoslavia \u2013 In Support of RECOM, supported by the European Union.<\/span><\/p>\n<p><b>Partners:<\/b><span style=\"font-weight: 400;\"> Festival of the European Short Story, Goten, SZ\u00c9P\u00cdR\u00d3K T\u00c1RSAS\u00c1GA, Polip festival and Bern ist \u00fcberall.<\/span><\/p>\n<p><b>Media partners:<\/b><span style=\"font-weight: 400;\"> Nedeljnik, Danas, City magazin, Laguna radio, Play radio<\/span><\/p>\n<p><b>Technical production:<\/b><span style=\"font-weight: 400;\"> Marsh Creative Production.<\/span>[\/vc_column_text][\/vc_column][\/vc_row][vc_row css_animation=&#8221;&#8221; row_type=&#8221;row&#8221; use_row_as_full_screen_section=&#8221;no&#8221; type=&#8221;grid&#8221; angled_section=&#8221;no&#8221; text_align=&#8221;left&#8221; background_image_as_pattern=&#8221;without_pattern&#8221; background_color=&#8221;#ffffff&#8221; padding_top=&#8221;10&#8243;][vc_column][vc_separator type=&#8221;transparent&#8221; down=&#8221;30&#8243;][\/vc_column][\/vc_row][vc_row css_animation=&#8221;&#8221; row_type=&#8221;row&#8221; use_row_as_full_screen_section=&#8221;no&#8221; type=&#8221;grid&#8221; angled_section=&#8221;no&#8221; text_align=&#8221;left&#8221; background_image_as_pattern=&#8221;without_pattern&#8221; padding_top=&#8221;5&#8243; padding_bottom=&#8221;5&#8243;][vc_column]<div class='qode_carousels_holder clearfix'><div class='qode_carousels' data-number-of-visible-items=''><ul class='slides'><li class='item'><div class=\"carousel_item_holder\"><a itemprop='url' href='https:\/\/www.erstebank.rs\/rs\/' target='_blank'><span class='first_image_holder '><img itemprop=\"image\" src=\"http:\/\/www.krokodil.rs\/eng\/wp-content\/uploads\/2016\/08\/erste.png\" alt=\"carousel image\" \/><\/span><\/a><\/div><\/li><li class='item'><div class=\"carousel_item_holder\"><a itemprop='url' href='http:\/\/www.goethe.de\/ins\/cs\/sr\/bel.html?wt_sc=belgrad%3b' target='_blank'><span class='first_image_holder '><img itemprop=\"image\" src=\"http:\/\/www.krokodil.rs\/eng\/wp-content\/uploads\/2016\/08\/goethe.png\" alt=\"carousel image\" \/><\/span><\/a><\/div><\/li><li class='item'><div class=\"carousel_item_holder\"><a itemprop='url' href='http:\/\/www.kultura.gov.rs\/' target='_blank'><span class='first_image_holder '><img itemprop=\"image\" src=\"http:\/\/www.krokodil.rs\/eng\/wp-content\/uploads\/2016\/08\/ministarstvo.png\" alt=\"carousel image\" \/><\/span><\/a><\/div><\/li><li class='item'><div class=\"carousel_item_holder\"><a itemprop='url' href='http:\/\/www.beograd.rs\/' target='_blank'><span class='first_image_holder '><img itemprop=\"image\" src=\"http:\/\/www.krokodil.rs\/eng\/wp-content\/uploads\/2016\/08\/grad-beograd.png\" alt=\"carousel image\" \/><\/span><\/a><\/div><\/li><li class='item'><div class=\"carousel_item_holder\"><a itemprop='url' href='http:\/\/serbian.traduki.eu\/' target='_blank'><span class='first_image_holder '><img itemprop=\"image\" src=\"http:\/\/www.krokodil.rs\/eng\/wp-content\/uploads\/2016\/08\/traduki.png\" alt=\"carousel image\" \/><\/span><\/a><\/div><\/li><li class='item'><div class=\"carousel_item_holder\"><a itemprop='url' href='https:\/\/kulturstiftung.allianz.de\/en\/' target='_self'><span class='first_image_holder has_hover_image'><img itemprop=\"image\" src=\"http:\/\/www.krokodil.rs\/eng\/wp-content\/uploads\/2017\/03\/AKS-logo.png\" alt=\"carousel image\" \/><\/span><span class='second_image_holder has_hover_image'><img itemprop=\"image\" src=\"http:\/\/www.krokodil.rs\/eng\/wp-content\/uploads\/2017\/03\/AKS-logo.png\" alt=\"carousel image\" \/><\/span><\/a><\/div><\/li><\/ul><\/div><\/div>[\/vc_column][\/vc_row]<\/p>\n<\/section>","protected":false},"excerpt":{"rendered":"<p>[vc_row css_animation=&#8221;&#8221; row_type=&#8221;row&#8221; use_row_as_full_screen_section=&#8221;no&#8221; type=&#8221;grid&#8221; angled_section=&#8221;no&#8221; text_align=&#8221;left&#8221; background_image_as_pattern=&#8221;without_pattern&#8221; padding_top=&#8221;87&#8243;][vc_column][vc_column_text] \u00a0FESTIVAL KROKODIL 2019 [\/vc_column_text][vc_separator type=&#8221;small&#8221; position=&#8221;center&#8221; color=&#8221;#ff7000&#8243;][vc_column_text] \u2013\u00a0 11th FESTIVAL\u00a0\u2013 [\/vc_column_text][vc_separator type=&#8221;transparent&#8221; up=&#8221;31&#8243; down=&#8221;10&#8243;][vc_separator type=&#8221;normal&#8221; down=&#8221;30&#8243;][\/vc_column][\/vc_row][vc_row css_animation=&#8221;&#8221; row_type=&#8221;row&#8221; use_row_as_full_screen_section=&#8221;no&#8221; type=&#8221;full_width&#8221; angled_section=&#8221;no&#8221; text_align=&#8221;left&#8221; background_image_as_pattern=&#8221;without_pattern&#8221; side_padding=&#8221;10&#8243; padding_top=&#8221;50&#8243; padding_bottom=&#8221;70&#8243;][vc_column width=&#8221;1\/2&#8243;][vc_single_image image=&#8221;15729&#8243; img_size=&#8221;large&#8221; alignment=&#8221;center&#8221; style=&#8221;vc_box_shadow&#8221; qode_css_animation=&#8221;&#8221;][\/vc_column][vc_column width=&#8221;1\/2&#8243;][vc_column_text] 07\/08\/09 June 2019&#8230;<\/p>\n","protected":false},"author":1,"featured_media":0,"parent":0,"menu_order":0,"comment_status":"closed","ping_status":"closed","template":"full_width.php","meta":{"om_disable_all_campaigns":false,"_monsterinsights_skip_tracking":false,"_monsterinsights_sitenote_active":false,"_monsterinsights_sitenote_note":"","_monsterinsights_sitenote_category":0},"aioseo_notices":[],"_links":{"self":[{"href":"https:\/\/www.krokodil.rs\/eng\/wp-json\/wp\/v2\/pages\/15913"}],"collection":[{"href":"https:\/\/www.krokodil.rs\/eng\/wp-json\/wp\/v2\/pages"}],"about":[{"href":"https:\/\/www.krokodil.rs\/eng\/wp-json\/wp\/v2\/types\/page"}],"author":[{"embeddable":true,"href":"https:\/\/www.krokodil.rs\/eng\/wp-json\/wp\/v2\/users\/1"}],"replies":[{"embeddable":true,"href":"https:\/\/www.krokodil.rs\/eng\/wp-json\/wp\/v2\/comments?post=15913"}],"version-history":[{"count":8,"href":"https:\/\/www.krokodil.rs\/eng\/wp-json\/wp\/v2\/pages\/15913\/revisions"}],"predecessor-version":[{"id":16550,"href":"https:\/\/www.krokodil.rs\/eng\/wp-json\/wp\/v2\/pages\/15913\/revisions\/16550"}],"wp:attachment":[{"href":"https:\/\/www.krokodil.rs\/eng\/wp-json\/wp\/v2\/media?parent=15913"}],"curies":[{"name":"wp","href":"https:\/\/api.w.org\/{rel}","templated":true}]}}